{"id":11021,"date":"2024-11-14T15:30:21","date_gmt":"2024-11-14T15:30:21","guid":{"rendered":"http:\/\/suio.com.uy\/suionew\/?page_id=11021"},"modified":"2024-11-18T02:01:43","modified_gmt":"2024-11-18T02:01:43","slug":"estatutos","status":"publish","type":"page","link":"https:\/\/suio.com.uy\/suionew\/index.php\/estatutos\/","title":{"rendered":"Estatutos"},"content":{"rendered":"\t\t<div data-elementor-type=\"wp-page\" data-elementor-id=\"11021\" class=\"elementor elementor-11021\">\n\t\t\t\t<div class=\"elementor-element elementor-element-62549d8 e-flex e-con-boxed e-con e-parent\" data-id=\"62549d8\" data-element_type=\"container\">\n\t\t\t\t\t<div class=\"e-con-inner\">\n\t\t\t\t<div class=\"elementor-element elementor-element-18bb27f elementor-widget elementor-widget-text-editor\" data-id=\"18bb27f\" data-element_type=\"widget\" data-widget_type=\"text-editor.default\">\n\t\t\t\t<div class=\"elementor-widget-container\">\n\t\t\t\t\t\t\t<p dir=\"ltr\" style=\"line-height: 1.38; margin-top: 12pt; margin-bottom: 12pt;\"><span style=\"font-style: normal; font-variant: normal; background-color: transparent; font-size: 10.5pt; font-family: Arial, sans-serif; color: #000000; font-weight: bold; white-space-collapse: preserve;\">Acta N\u00b0 1<\/span><span style=\"font-style: normal; font-variant: normal; font-weight: 400; background-color: transparent; font-size: 10.5pt; font-family: Arial, sans-serif; color: #333333; white-space-collapse: preserve;\">.- En la ciudad de Montevideo, el once de agosto del dos mil seis, se re\u00fanen las personas abajo firmantes, bajo la Presidencia de Mar\u00eda del Carmen L\u00f3pez Jordi, actuando en Secretar\u00eda; Marcelo Kreiner Feder ; Susana Lorenzo ; Richard Jaureguy Seoane, In\u00e9s Salveraglio, Graciela Gonz\u00e1lez, Sylvia Pioves\u00e1n, quienes deciden fundar una asociaci\u00f3n civil que se denominar\u00e1 <\/span><span style=\"font-style: normal; font-variant: normal; background-color: transparent; font-size: 10.5pt; font-family: Arial, sans-serif; color: #000000; font-weight: bold; white-space-collapse: preserve;\">SOCIEDAD URUGUAYA DE INVESTIGACION ODONTOLOGICA (SUIO) <\/span><span style=\"font-style: normal; font-variant: normal; font-weight: 400; background-color: transparent; font-size: 10.5pt; font-family: Arial, sans-serif; color: #333333; white-space-collapse: preserve;\">y cuyos estatutos, que por unanimidad aprueban, ser\u00e1n los siguientes:<\/span><\/p><p dir=\"ltr\" style=\"line-height: 1.38; margin-top: 12pt; margin-bottom: 0pt;\"><span style=\"font-size: 10.5pt; font-family: Arial,sans-serif; color: #000000; background-color: transparent; font-weight: bold; font-style: normal; font-variant: normal; text-decoration: none; vertical-align: baseline; white-space: pre-wrap;\">Cap\u00edtulo I. Constituci\u00f3n.<\/span><\/p><p dir=\"ltr\" style=\"line-height: 1.38; margin-top: 12pt; margin-bottom: 0pt;\"><span style=\"font-size: 10.5pt; font-family: Arial,sans-serif; color: #000000; background-color: transparent; font-weight: bold; font-style: normal; font-variant: normal; text-decoration: none; vertical-align: baseline; white-space: pre-wrap;\">Art\u00edculo 1\u00b0<\/span><span style=\"font-size: 10.5pt; font-family: Arial,sans-serif; color: #333333; background-color: transparent; font-weight: 400; font-style: normal; font-variant: normal; text-decoration: none; vertical-align: baseline; white-space: pre-wrap;\">.- (Denominaci\u00f3n y domicilio). Con el nombre de<\/span><span style=\"font-size: 10.5pt; font-family: Arial,sans-serif; color: #000000; background-color: transparent; font-weight: bold; font-style: normal; font-variant: normal; text-decoration: none; vertical-align: baseline; white-space: pre-wrap;\"> SOCIEDAD URUGUAYA DE INVESTIGACION ODONTOLOGICA (SUIO), <\/span><span style=\"font-size: 10.5pt; font-family: Arial,sans-serif; color: #333333; background-color: transparent; font-weight: 400; font-style: normal; font-variant: normal; text-decoration: none; vertical-align: baseline; white-space: pre-wrap;\">cr\u00e9ase una asociaci\u00f3n civil que se regir\u00e1 por los presentes estatutos y por las leyes y reglamentos aplicables, cuya sede ser\u00e1 en el Departamento de Montevideo.<\/span><\/p><p dir=\"ltr\" style=\"line-height: 1.38; margin-top: 12pt; margin-bottom: 0pt;\"><span style=\"font-size: 10.5pt; font-family: Arial,sans-serif; color: #000000; background-color: transparent; font-weight: bold; font-style: normal; font-variant: normal; text-decoration: none; vertical-align: baseline; white-space: pre-wrap;\">Art\u00edculo 2\u00b0<\/span><span style=\"font-size: 10.5pt; font-family: Arial,sans-serif; color: #333333; background-color: transparent; font-weight: 400; font-style: normal; font-variant: normal; text-decoration: none; vertical-align: baseline; white-space: pre-wrap;\">.- (Objeto Social). La Sociedad Uruguaya de Investigaci\u00f3n Odontol\u00f3gica (SUIO) es una Asociaci\u00f3n civil sin fines de lucro representativa de los investigadores en odontolog\u00eda y \u00e1reas relacionadas, con un car\u00e1cter cient\u00edfico y social. Incluye un grupo de profesores, estudiantes, docentes e investigadores para intercambiar experiencias DE INVESTIGACION EN ODONTOLOG\u00cdA,\u00a0 participando en reuniones cient\u00edficas de programas nacionales, regionales e internacionales presentando trabajos a la comunidad de investigaci\u00f3n y adquiriendo nuevos conocimientos en el \u00e1rea de la Odontolog\u00eda.-<\/span><\/p><p dir=\"ltr\" style=\"line-height: 1.38; margin-top: 12pt; margin-bottom: 0pt;\"><span style=\"font-size: 10.5pt; font-family: Arial,sans-serif; color: #000000; background-color: transparent; font-weight: bold; font-style: normal; font-variant: normal; text-decoration: none; vertical-align: baseline; white-space: pre-wrap;\">Cap\u00edtulo II. Patrimonio Social.<\/span><\/p><p dir=\"ltr\" style=\"line-height: 1.38; margin-top: 12pt; margin-bottom: 0pt;\"><span style=\"font-size: 10.5pt; font-family: Arial,sans-serif; color: #000000; background-color: transparent; font-weight: bold; font-style: normal; font-variant: normal; text-decoration: none; vertical-align: baseline; white-space: pre-wrap;\">Art\u00edculo 3\u00b0<\/span><span style=\"font-size: 10.5pt; font-family: Arial,sans-serif; color: #333333; background-color: transparent; font-weight: 400; font-style: normal; font-variant: normal; text-decoration: none; vertical-align: baseline; white-space: pre-wrap;\">.- El patrimonio de la asociaci\u00f3n estar\u00e1 constituido por: a) Los aportes ordinarios de los asociados que la Asamblea General Ordinaria y\/o la Comisi\u00f3n Directiva establezca con car\u00e1cter general. b) Las contribuciones de origen p\u00fablico o privado y las donaciones y legados a favor de la misma. c) Todo aporte extraordinario a cargo de los asociados que la Asamblea General establezca de acuerdo con la naturaleza de la Instituci\u00f3n.<\/span><\/p><p dir=\"ltr\" style=\"line-height: 1.38; margin-top: 12pt; margin-bottom: 0pt;\"><span style=\"font-size: 10.5pt; font-family: Arial,sans-serif; color: #000000; background-color: transparent; font-weight: bold; font-style: normal; font-variant: normal; text-decoration: none; vertical-align: baseline; white-space: pre-wrap;\">Cap\u00edtulo III.- Asociados.<\/span><\/p><p dir=\"ltr\" style=\"line-height: 1.38; margin-top: 12pt; margin-bottom: 0pt;\"><span style=\"font-size: 10.5pt; font-family: Arial,sans-serif; color: #000000; background-color: transparent; font-weight: bold; font-style: normal; font-variant: normal; text-decoration: none; vertical-align: baseline; white-space: pre-wrap;\">Art\u00edculo 4\u00b0<\/span><span style=\"font-size: 10.5pt; font-family: Arial,sans-serif; color: #333333; background-color: transparent; font-weight: 400; font-style: normal; font-variant: normal; text-decoration: none; vertical-align: baseline; white-space: pre-wrap;\">.- <\/span><span style=\"font-size: 10.5pt; font-family: Arial,sans-serif; color: #000000; background-color: transparent; font-weight: bold; font-style: normal; font-variant: normal; text-decoration: none; vertical-align: baseline; white-space: pre-wrap;\">(Clase de Socios).<\/span><span style=\"font-size: 10.5pt; font-family: Arial,sans-serif; color: #333333; background-color: transparent; font-weight: 400; font-style: normal; font-variant: normal; text-decoration: none; vertical-align: baseline; white-space: pre-wrap;\"> Los socios podr\u00e1n ser: fundadores, activos, honorarios o suscriptores. <\/span><span style=\"font-size: 10.5pt; font-family: Arial,sans-serif; color: #000000; background-color: transparent; font-weight: bold; font-style: normal; font-variant: normal; text-decoration: none; vertical-align: baseline; white-space: pre-wrap;\">A)<\/span> <span style=\"font-size: 10.5pt; font-family: Arial,sans-serif; color: #000000; background-color: transparent; font-weight: bold; font-style: normal; font-variant: normal; text-decoration: none; vertical-align: baseline; white-space: pre-wrap;\">Ser\u00e1n fundadores<\/span><span style=\"font-size: 10.5pt; font-family: Arial,sans-serif; color: #333333; background-color: transparent; font-weight: 400; font-style: normal; font-variant: normal; text-decoration: none; vertical-align: baseline; white-space: pre-wrap;\"> los concurrentes al acto de fundaci\u00f3n de la instituci\u00f3n y los que ingresen a la misma dentro de los treinta d\u00edas siguientes a dicho acto. <\/span><span style=\"font-size: 10.5pt; font-family: Arial,sans-serif; color: #000000; background-color: transparent; font-weight: bold; font-style: normal; font-variant: normal; text-decoration: none; vertical-align: baseline; white-space: pre-wrap;\">B) Ser\u00e1n socios activos:<\/span><span style=\"font-size: 10.5pt; font-family: Arial,sans-serif; color: #333333; background-color: transparent; font-weight: 400; font-style: normal; font-variant: normal; text-decoration: none; vertical-align: baseline; white-space: pre-wrap;\"> todas aquellas personas que dirigen\/participan, han dirigido\/participado o est\u00e1n interesadas en el desarrollo de la investigaci\u00f3n en cualquier \u00e1rea de la ciencia o en campos relacionados a la Odontolog\u00eda, y adem\u00e1s, tengan un a\u00f1o de antig\u00fcedad en el registro social y hayan cumplido regularmente con las obligaciones que impone este estatuto y establezcan los reglamentos generales de la instituci\u00f3n. <\/span><span style=\"font-size: 10.5pt; font-family: Arial,sans-serif; color: #000000; background-color: transparent; font-weight: bold; font-style: normal; font-variant: normal; text-decoration: none; vertical-align: baseline; white-space: pre-wrap;\">C) Ser\u00e1n socios honorarios:<\/span><span style=\"font-size: 10.5pt; font-family: Arial,sans-serif; color: #333333; background-color: transparent; font-weight: 400; font-style: normal; font-variant: normal; text-decoration: none; vertical-align: baseline; white-space: pre-wrap;\"> 1) aquellas personas que, en raz\u00f3n de sus m\u00e9ritos o de los relevantes servicios prestados a la instituci\u00f3n, sean designados tales por la Asamblea General; 2) toda aquella persona que haya sido socio en buenos t\u00e9rminos por lo menos por 25 a\u00f1os y no trabaje m\u00e1s en un empleo remunerado. <\/span><span style=\"font-size: 10.5pt; font-family: Arial,sans-serif; color: #000000; background-color: transparent; font-weight: bold; font-style: normal; font-variant: normal; text-decoration: none; vertical-align: baseline; white-space: pre-wrap;\">D) Ser\u00e1n socios suscriptores:<\/span><span style=\"font-size: 10.5pt; font-family: Arial,sans-serif; color: #333333; background-color: transparent; font-weight: 400; font-style: normal; font-variant: normal; text-decoration: none; vertical-align: baseline; white-space: pre-wrap;\"> 1) todo estudiante inscripto en una instituci\u00f3n acad\u00e9mica reconocida que no desempe\u00f1e ning\u00fan cargo acad\u00e9mico y que est\u00e9 interesado en la investigaci\u00f3n odontol\u00f3gica; 2) los que admitidos como asociados, no hayan cumplido a\u00fan las condiciones indicadas en el inciso B) de este art\u00edculo; 3) toda persona que no est\u00e9 relacionada con la investigaci\u00f3n pero tiene un inter\u00e9s en estar en contacto con las \u00faltimas investigaciones, sea profesional odont\u00f3logo o p\u00fablico en general. Los estudiantes ser\u00e1n socios suscriptores por un per\u00edodo no mayor de ocho a\u00f1os, y deber\u00e1n cambiarse a socio activo cuando se grad\u00faen.<\/span><\/p><p dir=\"ltr\" style=\"line-height: 1.38; margin-top: 12pt; margin-bottom: 13pt;\"><span style=\"font-size: 10.5pt; font-family: Arial,sans-serif; color: #333333; background-color: transparent; font-weight: 400; font-style: normal; font-variant: normal; text-decoration: none; vertical-align: baseline; white-space: pre-wrap;\">Se aceptar\u00e1n membres\u00edas institucionales, en condiciones an\u00e1logas a las de los socios individuales. Cada instituci\u00f3n miembro designar\u00e1 a una o m\u00e1s personas para que, actuando con junta o indistintamente, la representen ante la SUIO y ejerzan las prerrogativas sociales. Las instituciones asociadas deber\u00e1n comunicar por escrito a las autoridades de la SUIO quienes ser\u00e1n sus representantes y en qu\u00e9 forma actuar\u00e1n.<\/span><\/p><p dir=\"ltr\" style=\"line-height: 1.38; margin-top: 12pt; margin-bottom: 0pt;\"><span style=\"font-size: 10.5pt; font-family: Arial,sans-serif; color: #000000; background-color: transparent; font-weight: bold; font-style: normal; font-variant: normal; text-decoration: none; vertical-align: baseline; white-space: pre-wrap;\">Art\u00edculo 5\u00b0<\/span><span style=\"font-size: 10.5pt; font-family: Arial,sans-serif; color: #333333; background-color: transparent; font-weight: 400; font-style: normal; font-variant: normal; text-decoration: none; vertical-align: baseline; white-space: pre-wrap;\">.- (Ingreso de Asociados). Con la sola excepci\u00f3n de los socios honorarios y de los fundadores concurrentes al acto de fundaci\u00f3n, para ingresar como asociado se requerir\u00e1 solicitud escrita presentada a la Comisi\u00f3n Directiva y resoluci\u00f3n favorable de la misma.<\/span><\/p><p dir=\"ltr\" style=\"line-height: 1.38; margin-top: 12pt; margin-bottom: 0pt;\"><span style=\"font-size: 10.5pt; font-family: Arial,sans-serif; color: #000000; background-color: transparent; font-weight: bold; font-style: normal; font-variant: normal; text-decoration: none; vertical-align: baseline; white-space: pre-wrap;\">Art\u00edculo 6\u00b0<\/span><span style=\"font-size: 10.5pt; font-family: Arial,sans-serif; color: #333333; background-color: transparent; font-weight: 400; font-style: normal; font-variant: normal; text-decoration: none; vertical-align: baseline; white-space: pre-wrap;\">.- (Condiciones de los asociados). Para ser admitido como socio se requiere: ser mayor de edad, estar interesado en el desarrollo de la investigaci\u00f3n en cualquier \u00e1rea de la ciencia o en campos relacionados a la odontolog\u00eda, cumpliendo con las exigencias prevista en el art\u00edculo 4 seg\u00fan el caso.<\/span><\/p><p dir=\"ltr\" style=\"line-height: 1.38; margin-top: 12pt; margin-bottom: 0pt;\"><span style=\"font-size: 10.5pt; font-family: Arial,sans-serif; color: #000000; background-color: transparent; font-weight: bold; font-style: normal; font-variant: normal; text-decoration: none; vertical-align: baseline; white-space: pre-wrap;\">Art\u00edculo 7\u00b0<\/span><span style=\"font-size: 10.5pt; font-family: Arial,sans-serif; color: #333333; background-color: transparent; font-weight: 400; font-style: normal; font-variant: normal; text-decoration: none; vertical-align: baseline; white-space: pre-wrap;\">.- (Derechos de los asociados). Los derechos de los asociados ser\u00e1n los siguientes:<\/span><\/p><p dir=\"ltr\" style=\"line-height: 1.38; margin-top: 12pt; margin-bottom: 13pt;\"><span style=\"font-size: 10.5pt; font-family: Arial,sans-serif; color: #333333; background-color: transparent; font-weight: 400; font-style: normal; font-variant: normal; text-decoration: none; vertical-align: baseline; white-space: pre-wrap;\">1o.) De los socios fundadores y activos: a) ser electores y elegibles; b) integrar la Asamblea General con derecho a voz y voto; c) solicitar la convocatoria de la Asamblea General (Art\u00edculo 11, inciso 3o.); d) utilizar los diversos servicios sociales; e) presentar a la Comisi\u00f3n Directiva iniciativas favorables al mejoramiento de la instituci\u00f3n en cualquier aspecto.-<\/span><\/p><p dir=\"ltr\" style=\"line-height: 1.38; margin-top: 12pt; margin-bottom: 13pt;\"><span style=\"font-size: 10.5pt; font-family: Arial,sans-serif; color: #333333; background-color: transparent; font-weight: 400; font-style: normal; font-variant: normal; text-decoration: none; vertical-align: baseline; white-space: pre-wrap;\">2o.) De los Socios honorarios y suscriptores: a) participar en las Asambleas con voz y sin voto; b) utilizar los diversos servicios sociales; c) promover ante la Comisi\u00f3n Directiva iniciativas tendientes al mejoramiento de la Instituci\u00f3n.- d) los socios honorarios y\/o suscriptores podr\u00e1n ser elegibles.<\/span><\/p><p dir=\"ltr\" style=\"line-height: 1.38; margin-top: 12pt; margin-bottom: 13pt;\"><span style=\"font-size: 10.5pt; font-family: Arial,sans-serif; color: #333333; background-color: transparent; font-weight: 400; font-style: normal; font-variant: normal; text-decoration: none; vertical-align: baseline; white-space: pre-wrap;\">3o.) Cuando un socio honorario tenga tambi\u00e9n la calidad de socio activo o fundador sus derechos ser\u00e1n los establecidos en el apartado 1o. de este art\u00edculo. El ejercicio de los derechos consagrados en el presente art\u00edculo se regir\u00e1 por las disposiciones de estos estatutos y por las resoluciones y reglamentos que para los distintos casos y dentro de su competencia dicten la Comisi\u00f3n Directiva o la Asamblea General, como asimismo con sujeci\u00f3n a las leyes y dem\u00e1s normas que fueren aplicables. Cualquier miembro puede proponer cambios a los Estatutos, enviando su propuesta previamente y oficialmente a la Secretar\u00eda cuatro semanas antes de la siguiente Asamblea General Ordinaria, la cual deber\u00e1 evaluar, discutir y votar la\/s nueva\/s propuesta\/s.<\/span><\/p><p dir=\"ltr\" style=\"line-height: 1.38; margin-top: 12pt; margin-bottom: 0pt;\"><span style=\"font-size: 10.5pt; font-family: Arial,sans-serif; color: #000000; background-color: transparent; font-weight: bold; font-style: normal; font-variant: normal; text-decoration: none; vertical-align: baseline; white-space: pre-wrap;\">Art\u00edculo 8\u00b0.<\/span><span style=\"font-size: 10.5pt; font-family: Arial,sans-serif; color: #333333; background-color: transparent; font-weight: 400; font-style: normal; font-variant: normal; text-decoration: none; vertical-align: baseline; white-space: pre-wrap;\">\u2013 (Deberes de los Asociados). Son obligaciones de los asociados: a) abonar puntualmente las cuotas ordinarias y las contribuciones extraordinarias que se establezcan; b) acatar las reglamentaciones y resoluciones sociales.<\/span><\/p><p dir=\"ltr\" style=\"line-height: 1.38; margin-top: 12pt; margin-bottom: 0pt;\"><span style=\"font-size: 10.5pt; font-family: Arial,sans-serif; color: #000000; background-color: transparent; font-weight: bold; font-style: normal; font-variant: normal; text-decoration: none; vertical-align: baseline; white-space: pre-wrap;\">Art\u00edculo 9\u00b0<\/span><span style=\"font-size: 10.5pt; font-family: Arial,sans-serif; color: #333333; background-color: transparent; font-weight: 400; font-style: normal; font-variant: normal; text-decoration: none; vertical-align: baseline; white-space: pre-wrap;\">.- (Sanciones a los Asociados).<\/span><\/p><p dir=\"ltr\" style=\"line-height: 1.38; margin-top: 12pt; margin-bottom: 13pt;\"><span style=\"font-size: 10.5pt; font-family: Arial,sans-serif; color: #333333; background-color: transparent; font-weight: 400; font-style: normal; font-variant: normal; text-decoration: none; vertical-align: baseline; white-space: pre-wrap;\">Los socios podr\u00e1n ser expulsados o suspendidos conforme a los siguientes principios:<\/span><\/p><p dir=\"ltr\" style=\"line-height: 1.38; margin-top: 12pt; margin-bottom: 13pt;\"><span style=\"font-size: 10.5pt; font-family: Arial,sans-serif; color: #333333; background-color: transparent; font-weight: 400; font-style: normal; font-variant: normal; text-decoration: none; vertical-align: baseline; white-space: pre-wrap;\">a) Ser\u00e1 causa de expulsi\u00f3n de la entidad, la realizaci\u00f3n de cualquier acto o la omisi\u00f3n que importe un agravio relevante a la instituci\u00f3n, a sus autoridades, o a los principios morales que deben presidir las actividades de la asociaci\u00f3n, o el desacato reiterado a resoluciones de sus autoridades. La expulsi\u00f3n podr\u00e1 ser decretada por la Comisi\u00f3n Directiva por voto conforme de dos tercios de sus integrantes; deber\u00e1 ser notificada al interesado mediante telegrama colacionado o por otro medio fehaciente y el socio dispondr\u00e1 de un plazo de treinta d\u00edas a partir de esa notificaci\u00f3n para recurrir por escrito fundado, para ante la Asamblea General, la que a tal efecto deber\u00e1 ser convocada por la Comisi\u00f3n Directiva para fecha no posterior a los treinta d\u00edas siguientes a la interposici\u00f3n del recurso. Este recurso no tendr\u00e1 efecto suspensivo.<\/span><\/p><p dir=\"ltr\" style=\"line-height: 1.38; margin-top: 12pt; margin-bottom: 13pt;\"><span style=\"font-size: 10.5pt; font-family: Arial,sans-serif; color: #333333; background-color: transparent; font-weight: 400; font-style: normal; font-variant: normal; text-decoration: none; vertical-align: baseline; white-space: pre-wrap;\">b) Ser\u00e1 causa de suspensi\u00f3n, hasta por un m\u00e1ximo de seis meses, la comisi\u00f3n de actos o la omisi\u00f3n que importe un agravio a la instituci\u00f3n, a sus autoridades o a los principios morales sustentados, o el desacato a resoluciones de las autoridades sociales, que a juicio de la Comisi\u00f3n Directiva no den m\u00e9rito para la expulsi\u00f3n. La suspensi\u00f3n ser\u00e1 aplicada por decisi\u00f3n de simple mayor\u00eda de los integrantes de la Comisi\u00f3n Directiva y podr\u00e1 ser recurrida en la misma forma establecida en el apartado anterior.<\/span><\/p><p dir=\"ltr\" style=\"line-height: 1.38; margin-top: 12pt; margin-bottom: 13pt;\"><span style=\"font-size: 10.5pt; font-family: Arial,sans-serif; color: #333333; background-color: transparent; font-weight: 400; font-style: normal; font-variant: normal; text-decoration: none; vertical-align: baseline; white-space: pre-wrap;\">c) Ser\u00e1 causa de suspensi\u00f3n autom\u00e1tica, hasta que se efect\u00faen los pagos correspondientes, la falta de pago de los aportes se\u00f1alados en el inciso a) del art\u00edculo 3o. de este estatuto. No obstante, la Comisi\u00f3n Directiva podr\u00e1 conceder pr\u00f3rroga hasta de sesenta d\u00edas<\/span><\/p><p dir=\"ltr\" style=\"line-height: 1.38; margin-top: 12pt; margin-bottom: 13pt;\"><span style=\"font-size: 10.5pt; font-family: Arial,sans-serif; color: #333333; background-color: transparent; font-weight: 400; font-style: normal; font-variant: normal; text-decoration: none; vertical-align: baseline; white-space: pre-wrap;\">d) Todo socio puede solicitar el retiro de la Instituci\u00f3n, debiendo solicitarlo formalmente por escrito al Consejo Directivo del SUIO. Asimismo ser\u00e1 causal de retiro en forma autom\u00e1tica el no pago de las cuotas por dos a\u00f1os consecutivos.<\/span><\/p><p dir=\"ltr\" style=\"line-height: 1.38; margin-top: 12pt; margin-bottom: 13pt;\"><span style=\"font-size: 10.5pt; font-family: Arial,sans-serif; color: #333333; background-color: transparent; font-weight: 400; font-style: normal; font-variant: normal; text-decoration: none; vertical-align: baseline; white-space: pre-wrap;\">e) Antes de adoptar decisi\u00f3n sobre suspensi\u00f3n o expulsi\u00f3n de un socio, la Comisi\u00f3n Directiva deber\u00e1 dar vista de las actuaciones al interesado por el t\u00e9rmino de 10 d\u00edas h\u00e1biles y perentorios, dentro de cuyo plazo el socio podr\u00e1 articular su defensa; la resoluci\u00f3n a recaer deber\u00e1 ser fundada.<\/span><\/p><p dir=\"ltr\" style=\"line-height: 1.38; margin-top: 12pt; margin-bottom: 0pt;\"><span style=\"font-size: 10.5pt; font-family: Arial,sans-serif; color: #000000; background-color: transparent; font-weight: bold; font-style: normal; font-variant: normal; text-decoration: none; vertical-align: baseline; white-space: pre-wrap;\">Cap\u00edtulo IV. Autoridades.<\/span><\/p><p dir=\"ltr\" style=\"line-height: 1.38; margin-top: 12pt; margin-bottom: 0pt;\"><span style=\"font-size: 10.5pt; font-family: Arial,sans-serif; color: #000000; background-color: transparent; font-weight: bold; font-style: normal; font-variant: normal; text-decoration: none; vertical-align: baseline; white-space: pre-wrap;\">1o.) Asamblea General.<\/span><\/p><p dir=\"ltr\" style=\"line-height: 1.38; margin-top: 12pt; margin-bottom: 0pt;\"><span style=\"font-size: 10.5pt; font-family: Arial,sans-serif; color: #000000; background-color: transparent; font-weight: bold; font-style: normal; font-variant: normal; text-decoration: none; vertical-align: baseline; white-space: pre-wrap;\">Art\u00edculo 10\u00b0.<\/span><span style=\"font-size: 10.5pt; font-family: Arial,sans-serif; color: #333333; background-color: transparent; font-weight: 400; font-style: normal; font-variant: normal; text-decoration: none; vertical-align: baseline; white-space: pre-wrap;\">\u2013 (Competencia). La Asamblea General, actuando conforme a lo establecido en estos estatutos, es el \u00f3rgano soberano de la instituci\u00f3n. Est\u00e1 constituida por todos los asociados que tengan derecho a participar en la misma, que est\u00e9n al d\u00eda en el pago de la cuota social, y adoptar\u00e1 cualquier decisi\u00f3n de inter\u00e9s social, ajust\u00e1ndose a las normas estatutarias, legales y reglamentarias que fueren aplicables.<\/span><\/p><p dir=\"ltr\" style=\"line-height: 1.38; margin-top: 12pt; margin-bottom: 0pt;\"><span style=\"font-size: 10.5pt; font-family: Arial,sans-serif; color: #000000; background-color: transparent; font-weight: bold; font-style: normal; font-variant: normal; text-decoration: none; vertical-align: baseline; white-space: pre-wrap;\">Art\u00edculo 11\u00b0<\/span><span style=\"font-size: 10.5pt; font-family: Arial,sans-serif; color: #333333; background-color: transparent; font-weight: 400; font-style: normal; font-variant: normal; text-decoration: none; vertical-align: baseline; white-space: pre-wrap;\">.- (Car\u00e1cter). La Asamblea General, se reunir\u00e1 con car\u00e1cter de Ordinaria o Extraordinaria, para considerar exclusivamente los asuntos incluidos en el respectivo orden del d\u00eda. La Asamblea General Ordinaria se reunir\u00e1 anualmente dentro de los sesenta d\u00edas siguientes al cierre del ejercicio econ\u00f3mico (Art\u00edculo 25) y tratar\u00e1 la memoria anual y el balance que deber\u00e1 presentar la Comisi\u00f3n Directiva, as\u00ed como todo otro asunto que la misma hubiere incluido en el orden del d\u00eda. Adem\u00e1s designar\u00e1 la Comisi\u00f3n Electoral cuando corresponda (Art\u00edculo 21). La Asamblea General Extraordinaria se reunir\u00e1 en cualquier momento por decisi\u00f3n de la Comisi\u00f3n Directiva o por iniciativa de la Comisi\u00f3n Fiscal o de la Comisi\u00f3n Electoral o a pedido del diez por ciento de los asociados h\u00e1biles para integrarla. En caso de solicitud de convocatoria por parte de la Comisi\u00f3n Fiscal o Electoral o del porcentaje de socios expresado, la Comisi\u00f3n Directiva deber\u00e1 efectuar el llamado dentro de los ocho d\u00edas siguientes y para fecha no posterior a los treinta d\u00edas, a partir del recibo de la petici\u00f3n.<\/span><\/p><p dir=\"ltr\" style=\"line-height: 1.38; margin-top: 12pt; margin-bottom: 13pt;\"><span style=\"font-size: 10.5pt; font-family: Arial,sans-serif; color: #333333; background-color: transparent; font-weight: 400; font-style: normal; font-variant: normal; text-decoration: none; vertical-align: baseline; white-space: pre-wrap;\">La Asamblea General Ordinaria se realizar\u00e1 siempre en la Facultad de Odontolog\u00eda de la Universidad de la Rep\u00fablica o en otro lugar acordado por la Comisi\u00f3n Directiva.<\/span><\/p><p dir=\"ltr\" style=\"line-height: 1.38; margin-top: 12pt; margin-bottom: 0pt;\"><span style=\"font-size: 10.5pt; font-family: Arial,sans-serif; color: #000000; background-color: transparent; font-weight: bold; font-style: normal; font-variant: normal; text-decoration: none; vertical-align: baseline; white-space: pre-wrap;\">Art\u00edculo 12\u00b0<\/span><span style=\"font-size: 10.5pt; font-family: Arial,sans-serif; color: #333333; background-color: transparent; font-weight: 400; font-style: normal; font-variant: normal; text-decoration: none; vertical-align: baseline; white-space: pre-wrap;\">.- (Convocatoria). Las Asambleas Generales ser\u00e1n convocadas mediante aviso personal y escrito a los asociados, o v\u00eda mail con acuse de recibo, con antelaci\u00f3n de por lo menos QUINCE d\u00edas a la fecha de realizaci\u00f3n de aquellas.<\/span><\/p><p dir=\"ltr\" style=\"line-height: 1.38; margin-top: 12pt; margin-bottom: 13pt;\"><span style=\"font-size: 10.5pt; font-family: Arial,sans-serif; color: #333333; background-color: transparent; font-weight: 400; font-style: normal; font-variant: normal; text-decoration: none; vertical-align: baseline; white-space: pre-wrap;\">Conjuntamente con la Asamblea General Anual de SUIO, se podr\u00e1 celebrar la Reuni\u00f3n Cient\u00edfica Anual de la SUIO con participaci\u00f3n de investigadores, nacionales, regionales e internacionales.<\/span><\/p><p dir=\"ltr\" style=\"line-height: 1.38; margin-top: 12pt; margin-bottom: 0pt;\"><span style=\"font-size: 10.5pt; font-family: Arial,sans-serif; color: #000000; background-color: transparent; font-weight: bold; font-style: normal; font-variant: normal; text-decoration: none; vertical-align: baseline; white-space: pre-wrap;\">Art\u00edculo 13\u00b0<\/span><span style=\"font-size: 10.5pt; font-family: Arial,sans-serif; color: #333333; background-color: transparent; font-weight: 400; font-style: normal; font-variant: normal; text-decoration: none; vertical-align: baseline; white-space: pre-wrap;\">.- (Instalaci\u00f3n y qu\u00f3rum). La Asamblea General Ordinaria sesionar\u00e1 v\u00e1lidamente con el n\u00famero de asociados h\u00e1biles para integrarla con plenos derechos que se encuentre presente a la hora de la citaci\u00f3n. La Asamblea General Extraordinaria, salvo los casos previstos en el art\u00edculo siguiente, sesionar\u00e1 en primera convocatoria con la presencia de la mitad m\u00e1s uno de los socios h\u00e1biles con derecho a voto y en segunda convocatoria podr\u00e1 sesionar una hora m\u00e1s tarde con los que concurran. En todos los casos, la Asamblea adoptar\u00e1 sus decisiones por mayor\u00eda simple de votos de presentes, salvo lo establecido en el art\u00edculo 14. Para participar en las Asambleas ser\u00e1 necesario que los socios acrediten su identidad en la forma que se reglamente, que firmen un libro especial de asistencia llevado al efecto y que no se encuentren suspendidos en raz\u00f3n de lo dispuesto en el apartado c) del art\u00edculo 9\u00ba). Las Asambleas ser\u00e1n presididas por el Presidente de la Comisi\u00f3n Directiva o, en ausencia de \u00e9ste, por la persona que a tal efecto designe la propia Asamblea, la que tambi\u00e9n designar\u00e1 Secretario ad-hoc. Todo socio puede designar a otra persona, la que tambi\u00e9n deber\u00e1 ser socio, para que lo represente, siempre mediante autorizaci\u00f3n por escrito.<\/span><\/p><p dir=\"ltr\" style=\"line-height: 1.38; margin-top: 12pt; margin-bottom: 0pt;\"><span style=\"font-size: 10.5pt; font-family: Arial,sans-serif; color: #000000; background-color: transparent; font-weight: bold; font-style: normal; font-variant: normal; text-decoration: none; vertical-align: baseline; white-space: pre-wrap;\">Art\u00edculo 14\u00b0<\/span><span style=\"font-size: 10.5pt; font-family: Arial,sans-serif; color: #333333; background-color: transparent; font-weight: 400; font-style: normal; font-variant: normal; text-decoration: none; vertical-align: baseline; white-space: pre-wrap;\">.- (Mayor\u00edas especiales). Para la destituci\u00f3n de miembros de la Comisi\u00f3n Directiva, la reforma de este estatuto y la disoluci\u00f3n de la entidad, ser\u00e1 necesaria la resoluci\u00f3n de una Asamblea Extraordinaria adoptada por tres quintos de votos de presentes. Esta Asamblea se reunir\u00e1 v\u00e1lidamente en primera convocatoria con el qu\u00f3rum indicado en el art\u00edculo 13, en segunda convocatoria, a realizarse por lo menos diez d\u00edas despu\u00e9s, con el veinte por ciento de los asociados habilitados para integrarla y en tercera convocatoria, a celebrarse no antes de cinco d\u00edas siguientes, con los que concurran y previo aviso al Ministerio de Educaci\u00f3n y Cultura, que se cursar\u00e1 por lo menos con tres d\u00edas de anticipaci\u00f3n al acto.<\/span><\/p><p dir=\"ltr\" style=\"line-height: 1.38; margin-top: 12pt; margin-bottom: 0pt;\"><span style=\"font-size: 10.5pt; font-family: Arial,sans-serif; color: #000000; background-color: transparent; font-weight: bold; font-style: normal; font-variant: normal; text-decoration: none; vertical-align: baseline; white-space: pre-wrap;\">2o.) De la Comisi\u00f3n Directiva.<\/span><\/p><p dir=\"ltr\" style=\"line-height: 1.38; margin-top: 12pt; margin-bottom: 0pt;\"><span style=\"font-size: 10.5pt; font-family: Arial,sans-serif; color: #000000; background-color: transparent; font-weight: bold; font-style: normal; font-variant: normal; text-decoration: none; vertical-align: baseline; white-space: pre-wrap;\">Art\u00edculo 15\u00b0<\/span><span style=\"font-size: 10.5pt; font-family: Arial,sans-serif; color: #333333; background-color: transparent; font-weight: 400; font-style: normal; font-variant: normal; text-decoration: none; vertical-align: baseline; white-space: pre-wrap;\">.- (Integraci\u00f3n). La direcci\u00f3n y administraci\u00f3n de la Asociaci\u00f3n estar\u00e1 a cargo de una Comisi\u00f3n Directiva compuesta de cuatro miembros titulares mayores de edad, quienes durar\u00e1n dos a\u00f1os en sus cargos y podr\u00e1n ser reelectos hasta por dos per\u00edodos m\u00e1s. Los mismos se mantendr\u00e1n en el desempe\u00f1o de sus funciones, al vencimiento del mandato, hasta la toma de posesi\u00f3n de los nuevos miembros electos. La elecci\u00f3n de miembros de la Comisi\u00f3n Directiva se efectuar\u00e1 seg\u00fan el procedimiento establecido en el art\u00edculo 22, conjuntamente con simple numero de suplentes preferenciales. La Comisi\u00f3n electa designar\u00e1 de su seno los cargos respectivos, con excepci\u00f3n del Presidente que lo ser\u00e1 quien encabece la lista electiva m\u00e1s votada.<\/span><\/p><p dir=\"ltr\" style=\"line-height: 1.38; margin-top: 12pt; margin-bottom: 0pt;\"><span style=\"font-size: 10.5pt; font-family: Arial,sans-serif; color: #000000; background-color: transparent; font-weight: bold; font-style: normal; font-variant: normal; text-decoration: none; vertical-align: baseline; white-space: pre-wrap;\">Art\u00edculo 16\u00b0<\/span><span style=\"font-size: 10.5pt; font-family: Arial,sans-serif; color: #333333; background-color: transparent; font-weight: 400; font-style: normal; font-variant: normal; text-decoration: none; vertical-align: baseline; white-space: pre-wrap;\">.- (Vacancia). En caso de ausencia definitiva del Presidente y del Vicepresidente, la Comisi\u00f3n Directiva, una vez integrada con los suplentes correspondientes, designar\u00e1 un nuevo Presidente. La primera Asamblea General que se realice posteriormente confirmar\u00e1 o rectificar\u00e1 esa decisi\u00f3n. En caso de agotarse la lista de suplentes, las vacantes que se produzcan en la Comisi\u00f3n Directiva ser\u00e1n llenadas con miembros designados directamente por \u00e9sta, quienes permanecer\u00e1n en sus cargos hasta la primera Asamblea General que se realice, la que adoptar\u00e1 resoluci\u00f3n definitiva al respecto.<\/span><\/p><p dir=\"ltr\" style=\"line-height: 1.38; margin-top: 12pt; margin-bottom: 0pt;\"><span style=\"font-size: 10.5pt; font-family: Arial,sans-serif; color: #000000; background-color: transparent; font-weight: bold; font-style: normal; font-variant: normal; text-decoration: none; vertical-align: baseline; white-space: pre-wrap;\">Art\u00edculo 17\u00b0<\/span><span style=\"font-size: 10.5pt; font-family: Arial,sans-serif; color: #333333; background-color: transparent; font-weight: 400; font-style: normal; font-variant: normal; text-decoration: none; vertical-align: baseline; white-space: pre-wrap;\">.- (Competencia y obligaciones). La Comisi\u00f3n Directiva tendr\u00e1 las m\u00e1s amplias facultades de direcci\u00f3n, administraci\u00f3n y disposici\u00f3n, pudiendo, en consecuencia, llevar a cabo todos los actos jur\u00eddicos y adoptar todas las decisiones tendientes al cumplimiento de los fines sociales y de las resoluciones adoptadas por la Asamblea General. No obstante, para la disposici\u00f3n y gravamen de bienes inmuebles, o para contraer obligaciones superiores a diez veces el monto del promedio de recaudaci\u00f3n ordinaria de los \u00faltimos tres meses (tom\u00e1ndose como tope el que resulte menor), ser\u00e1 necesaria autorizaci\u00f3n expresa de la Asamblea General aprobada por no menos de tres quintos de votos de presentes. La representaci\u00f3n legal de la instituci\u00f3n ser\u00e1 ejercida por la Comisi\u00f3n Directiva por intermedio del Presidente y Secretario, actuando conjuntamente, sin perjuicio del otorgamiento de mandatos especiales a otros miembros o a personas ajenas.<\/span><\/p><p dir=\"ltr\" style=\"line-height: 1.38; margin-top: 12pt; margin-bottom: 0pt;\"><span style=\"font-size: 10.5pt; font-family: Arial,sans-serif; color: #000000; background-color: transparent; font-weight: bold; font-style: normal; font-variant: normal; text-decoration: none; vertical-align: baseline; white-space: pre-wrap;\">Art\u00edculo 18\u00b0<\/span><span style=\"font-size: 10.5pt; font-family: Arial,sans-serif; color: #333333; background-color: transparent; font-weight: 400; font-style: normal; font-variant: normal; text-decoration: none; vertical-align: baseline; white-space: pre-wrap;\">.- (Funcionamiento). La Comisi\u00f3n Directiva podr\u00e1 reglamentar su propio funcionamiento, con ajuste a las normas generales de estos estatutos, como as\u00ed tambi\u00e9n lo referente a las funciones del personal de la instituci\u00f3n. Deber\u00e1 sesionar por lo menos una vez al mes, se reunir\u00e1 v\u00e1lidamente con la mayor\u00eda de sus miembros y adoptar\u00e1 decisiones por mayor\u00eda simple, en caso de empate en las votaciones el Presidente vota doble, salvo disposici\u00f3n distinta de estos estatutos para determinados asuntos, pero en ning\u00fan caso se podr\u00e1 decidir si no votan afirmativamente por lo menos tres miembros. Dos miembros cualesquiera de la Comisi\u00f3n Directiva podr\u00e1n citar a reuni\u00f3n de la misma si el Presidente omitiera hacerlo frente a un caso concreto de necesidad.<\/span><\/p><p dir=\"ltr\" style=\"line-height: 1.38; margin-top: 12pt; margin-bottom: 0pt;\"><span style=\"font-size: 10.5pt; font-family: Arial,sans-serif; color: #000000; background-color: transparent; font-weight: bold; font-style: normal; font-variant: normal; text-decoration: none; vertical-align: baseline; white-space: pre-wrap;\">3o.) Comisi\u00f3n Fiscal.<\/span><\/p><p dir=\"ltr\" style=\"line-height: 1.38; margin-top: 12pt; margin-bottom: 0pt;\"><span style=\"font-size: 10.5pt; font-family: Arial,sans-serif; color: #000000; background-color: transparent; font-weight: bold; font-style: normal; font-variant: normal; text-decoration: none; vertical-align: baseline; white-space: pre-wrap;\">Art\u00edculo 19\u00b0<\/span><span style=\"font-size: 10.5pt; font-family: Arial,sans-serif; color: #333333; background-color: transparent; font-weight: 400; font-style: normal; font-variant: normal; text-decoration: none; vertical-align: baseline; white-space: pre-wrap;\">.- (Integraci\u00f3n y mandato). La Comisi\u00f3n Fiscal estar\u00e1 compuesta por tres miembros titulares, quienes durar\u00e1n dos a\u00f1os en sus cargos y ser\u00e1n elegidos, simult\u00e1neamente con la elecci\u00f3n de Comisi\u00f3n Directiva, pudiendo ser reelectos hasta por dos per\u00edodos m\u00e1s. Todos los miembros deber\u00e1n ser mayores de edad y no podr\u00e1n ser al mismo tiempo titulares de la Comisi\u00f3n Directiva.<\/span><\/p><p dir=\"ltr\" style=\"line-height: 1.38; margin-top: 12pt; margin-bottom: 0pt;\"><span style=\"font-size: 10.5pt; font-family: Arial,sans-serif; color: #000000; background-color: transparent; font-weight: bold; font-style: normal; font-variant: normal; text-decoration: none; vertical-align: baseline; white-space: pre-wrap;\">Art\u00edculo 20\u00b0.<\/span><span style=\"font-size: 10.5pt; font-family: Arial,sans-serif; color: #333333; background-color: transparent; font-weight: 400; font-style: normal; font-variant: normal; text-decoration: none; vertical-align: baseline; white-space: pre-wrap;\">\u2013 (Atribuciones). Son facultades de la Comisi\u00f3n Fiscal: a) Solicitar a la Comisi\u00f3n Directiva la convocatoria de Asamblea Extraordinaria (Art\u00edculo 11\u00b0) o convocarla directamente en caso de que aqu\u00e9lla no lo hiciere o no pudiere hacerlo. b) Fiscalizar los fondos sociales y sus inversiones en cualquier tiempo. c) Inspeccionar en cualquier momento los registros contables y otros aspectos del funcionamiento de la instituci\u00f3n. d) Verificar el balance anual, (presentado por el Tesorero, dentro de los 90 d\u00edas previos a la Asamblea General Ordinaria), el que deber\u00e1 aprobar u observar fundadamente antes de su consideraci\u00f3n por la Asamblea General, para la aprobaci\u00f3n definitiva por parte de \u00e9sta. e) Asesorar a la Comisi\u00f3n Directiva cuando \u00e9sta se lo requiera. f) Cumplir cualquier otra funci\u00f3n inspectiva o de control que entienda conveniente o le cometa la Asamblea General.<\/span><\/p><p dir=\"ltr\" style=\"line-height: 1.38; margin-top: 12pt; margin-bottom: 0pt;\"><span style=\"font-size: 10.5pt; font-family: Arial,sans-serif; color: #000000; background-color: transparent; font-weight: bold; font-style: normal; font-variant: normal; text-decoration: none; vertical-align: baseline; white-space: pre-wrap;\">4o.) Comisi\u00f3n Electoral.<\/span><\/p><p dir=\"ltr\" style=\"line-height: 1.38; margin-top: 12pt; margin-bottom: 0pt;\"><span style=\"font-size: 10.5pt; font-family: Arial,sans-serif; color: #000000; background-color: transparent; font-weight: bold; font-style: normal; font-variant: normal; text-decoration: none; vertical-align: baseline; white-space: pre-wrap;\">Art\u00edculo 21\u00b0<\/span><span style=\"font-size: 10.5pt; font-family: Arial,sans-serif; color: #333333; background-color: transparent; font-weight: 400; font-style: normal; font-variant: normal; text-decoration: none; vertical-align: baseline; white-space: pre-wrap;\">.- (Designaci\u00f3n y atribuciones). La Comisi\u00f3n Electoral estar\u00e1 integrada por un m\u00ednimo de tres a un m\u00e1ximo de siete miembros titulares, todos mayores de edad. Ser\u00e1 elegida por la Asamblea General Ordinaria, en los a\u00f1os<\/span><\/p><p dir=\"ltr\" style=\"line-height: 1.38; margin-top: 12pt; margin-bottom: 13pt;\"><span style=\"font-size: 10.5pt; font-family: Arial,sans-serif; color: #333333; background-color: transparent; font-weight: 400; font-style: normal; font-variant: normal; text-decoration: none; vertical-align: baseline; white-space: pre-wrap;\">que corresponda efectuar elecciones, conjuntamente con el mismo n\u00famero de suplentes preferenciales. Una vez que la Secretar\u00eda de la Comisi\u00f3n Directiva le brinde el listado de socios elegibles, la Comisi\u00f3n Electoral tendr\u00e1 a su cargo todo lo relativo al acto eleccionario, as\u00ed como la realizaci\u00f3n del escrutinio y determinaci\u00f3n de sus resultados y de los candidatos triunfantes. Tiene facultades para llamar a Asamblea Extraordinaria en caso de irregularidades graves en la elecci\u00f3n. La misma cesar\u00e1 en sus funciones una vez que los nuevos integrantes de la Comisi\u00f3n Directiva y Comisi\u00f3n Fiscal hayan entrado en posesi\u00f3n de sus cargos.<\/span><\/p><p dir=\"ltr\" style=\"line-height: 1.38; margin-top: 12pt; margin-bottom: 0pt;\"><span style=\"font-size: 10.5pt; font-family: Arial,sans-serif; color: #000000; background-color: transparent; font-weight: bold; font-style: normal; font-variant: normal; text-decoration: none; vertical-align: baseline; white-space: pre-wrap;\">Cap\u00edtulo V.- Elecciones<\/span><span style=\"font-size: 10.5pt; font-family: Arial,sans-serif; color: #333333; background-color: transparent; font-weight: 400; font-style: normal; font-variant: normal; text-decoration: none; vertical-align: baseline; white-space: pre-wrap;\">.<\/span><\/p><p dir=\"ltr\" style=\"line-height: 1.38; margin-top: 12pt; margin-bottom: 0pt;\"><span style=\"font-size: 10.5pt; font-family: Arial,sans-serif; color: #000000; background-color: transparent; font-weight: bold; font-style: normal; font-variant: normal; text-decoration: none; vertical-align: baseline; white-space: pre-wrap;\">Art\u00edculo 22\u00b0.<\/span><span style=\"font-size: 10.5pt; font-family: Arial,sans-serif; color: #333333; background-color: transparent; font-weight: 400; font-style: normal; font-variant: normal; text-decoration: none; vertical-align: baseline; white-space: pre-wrap;\">\u2013 (Oportunidad y requisitos). El acto eleccionario para miembros de la Comisi\u00f3n Directiva y de la Comisi\u00f3n Fiscal se efectuar\u00e1 cada dos a\u00f1os, dentro de los treinta d\u00edas siguientes a la celebraci\u00f3n de la Asamblea General correspondiente. El voto ser\u00e1 secreto y se emitir\u00e1 a trav\u00e9s de listas que deber\u00e1n ser registradas ante la Comisi\u00f3n Electoral, con anticipaci\u00f3n m\u00ednima de ocho d\u00edas a la fecha de la elecci\u00f3n. Deber\u00e1n formularse listas separadas para Comisi\u00f3n Directiva y Fiscal, con indicaci\u00f3n del candidato a la Presidencia de cada una. Para ser admitida una lista deber\u00e1 contener la firma de los candidatos y de diez socios activos m\u00e1s. * Los cargos ser\u00e1n distribuidos por el sistema de representaci\u00f3n proporcional. Para proclamar los candidatos triunfantes y darles posesi\u00f3n de sus cargos, se integrar\u00e1n en comisi\u00f3n general la Comisi\u00f3n Electoral y la Directiva saliente. Los grupos de socios que presenten listas electorales podr\u00e1n designar un delegado por cada una, para que controle el acto electoral y el escrutinio.<\/span><\/p><p dir=\"ltr\" style=\"line-height: 1.38; margin-top: 12pt; margin-bottom: 13pt;\"><span style=\"font-size: 10.5pt; font-family: Arial,sans-serif; color: #333333; background-color: transparent; font-weight: 400; font-style: normal; font-variant: normal; text-decoration: none; vertical-align: baseline; white-space: pre-wrap;\">* Rrepresentaci\u00f3n proporcional al mayor de los restos.<\/span><\/p><p dir=\"ltr\" style=\"line-height: 1.38; margin-top: 12pt; margin-bottom: 0pt;\"><span style=\"font-size: 10.5pt; font-family: Arial,sans-serif; color: #000000; background-color: transparent; font-weight: bold; font-style: normal; font-variant: normal; text-decoration: none; vertical-align: baseline; white-space: pre-wrap;\">Cap\u00edtulo VI. Disposiciones Generales.<\/span><\/p><p dir=\"ltr\" style=\"line-height: 1.38; margin-top: 12pt; margin-bottom: 0pt;\"><span style=\"font-size: 10.5pt; font-family: Arial,sans-serif; color: #000000; background-color: transparent; font-weight: bold; font-style: normal; font-variant: normal; text-decoration: none; vertical-align: baseline; white-space: pre-wrap;\">Art\u00edculo 23\u00b0<\/span><span style=\"font-size: 10.5pt; font-family: Arial,sans-serif; color: #333333; background-color: transparent; font-weight: 400; font-style: normal; font-variant: normal; text-decoration: none; vertical-align: baseline; white-space: pre-wrap;\">.- (Car\u00e1cter honorario). Todos los cargos electivos que se ejerzan dentro de la asociaci\u00f3n tendr\u00e1n car\u00e1cter honorario.<\/span><\/p><p dir=\"ltr\" style=\"line-height: 1.38; margin-top: 12pt; margin-bottom: 0pt;\"><span style=\"font-size: 10.5pt; font-family: Arial,sans-serif; color: #000000; background-color: transparent; font-weight: bold; font-style: normal; font-variant: normal; text-decoration: none; vertical-align: baseline; white-space: pre-wrap;\">Art\u00edculo 24\u00b0<\/span><span style=\"font-size: 10.5pt; font-family: Arial,sans-serif; color: #333333; background-color: transparent; font-weight: 400; font-style: normal; font-variant: normal; text-decoration: none; vertical-align: baseline; white-space: pre-wrap;\">.- (Destino bienes). En caso de disoluci\u00f3n de la asociaci\u00f3n los bienes que existieren ser\u00e1n destinados a Facultad de Odontolog\u00eda de la Universidad de la Rep\u00fablica.<\/span><\/p><p dir=\"ltr\" style=\"line-height: 1.38; margin-top: 12pt; margin-bottom: 0pt;\"><span style=\"font-size: 10.5pt; font-family: Arial,sans-serif; color: #000000; background-color: transparent; font-weight: bold; font-style: normal; font-variant: normal; text-decoration: none; vertical-align: baseline; white-space: pre-wrap;\">Art\u00edculo 25\u00b0<\/span><span style=\"font-size: 10.5pt; font-family: Arial,sans-serif; color: #333333; background-color: transparent; font-weight: 400; font-style: normal; font-variant: normal; text-decoration: none; vertical-align: baseline; white-space: pre-wrap;\">.- (Ejercicio Econ\u00f3mico). El ejercicio econ\u00f3mico de la instituci\u00f3n se cerrar\u00e1 el 31 de diciembre de cada a\u00f1o.<\/span><\/p><p dir=\"ltr\" style=\"line-height: 1.38; margin-top: 12pt; margin-bottom: 0pt;\"><span style=\"font-size: 10.5pt; font-family: Arial,sans-serif; color: #000000; background-color: transparent; font-weight: bold; font-style: normal; font-variant: normal; text-decoration: none; vertical-align: baseline; white-space: pre-wrap;\">Art\u00edculo 26\u00b0<\/span><span style=\"font-size: 10.5pt; font-family: Arial,sans-serif; color: #333333; background-color: transparent; font-weight: 400; font-style: normal; font-variant: normal; text-decoration: none; vertical-align: baseline; white-space: pre-wrap;\">.- (Limitaciones especiales). Esta asociaci\u00f3n excluye de sus prop\u00f3sitos sociales toda otra finalidad que las previstas expresamente en estos estatutos. Especialmente se establece que para la prestaci\u00f3n de servicios cooperativos de bienes o de consumo o de servicios asistenciales m\u00e9dicos, deber\u00e1n tramitarse previamente estatutos adecuados a esas finalidades espec\u00edficas, de acuerdo con las normas legales y reglamentarias correspondientes.<\/span><\/p><p dir=\"ltr\" style=\"line-height: 1.38; margin-top: 12pt; margin-bottom: 0pt;\"><span style=\"font-size: 10.5pt; font-family: Arial,sans-serif; color: #000000; background-color: transparent; font-weight: bold; font-style: normal; font-variant: normal; text-decoration: none; vertical-align: baseline; white-space: pre-wrap;\">Art\u00edculo 27\u00b0<\/span><span style=\"font-size: 10.5pt; font-family: Arial,sans-serif; color: #333333; background-color: transparent; font-weight: 400; font-style: normal; font-variant: normal; text-decoration: none; vertical-align: baseline; white-space: pre-wrap;\">.- (Incompatibilidad). Es incompatible la calidad de miembro de todo \u00f3rgano de car\u00e1cter electivo de la Instituci\u00f3n, con la de empleado o dependiente de la misma por cualquier concepto.<\/span><\/p><p dir=\"ltr\" style=\"line-height: 1.38; margin-top: 12pt; margin-bottom: 0pt;\"><span style=\"font-size: 10.5pt; font-family: Arial,sans-serif; color: #000000; background-color: transparent; font-weight: bold; font-style: normal; font-variant: normal; text-decoration: none; vertical-align: baseline; white-space: pre-wrap;\">Cap\u00edtulo VII.- Disposiciones Transitorias.<\/span><\/p><p dir=\"ltr\" style=\"line-height: 1.38; margin-top: 12pt; margin-bottom: 0pt;\"><span style=\"font-size: 10.5pt; font-family: Arial,sans-serif; color: #000000; background-color: transparent; font-weight: bold; font-style: normal; font-variant: normal; text-decoration: none; vertical-align: baseline; white-space: pre-wrap;\">Art\u00edculo 28\u00b0<\/span><span style=\"font-size: 10.5pt; font-family: Arial,sans-serif; color: #333333; background-color: transparent; font-weight: 400; font-style: normal; font-variant: normal; text-decoration: none; vertical-align: baseline; white-space: pre-wrap;\">.- (Primera Comisi\u00f3n Directiva y Fiscal). La primera Comisi\u00f3n Directiva y la primera Comisi\u00f3n Fiscal, que deber\u00e1n actuar hasta el 30 de agosto del 2008, estar\u00e1n integradas de la siguiente forma:<\/span><span style=\"font-size: 10.5pt; font-family: Arial,sans-serif; color: #333333; background-color: transparent; font-weight: 400; font-style: normal; font-variant: normal; text-decoration: none; vertical-align: baseline; white-space: pre-wrap;\"><br \/><\/span><span style=\"font-size: 10.5pt; font-family: Arial,sans-serif; color: #333333; background-color: transparent; font-weight: 400; font-style: normal; font-variant: normal; text-decoration: none; vertical-align: baseline; white-space: pre-wrap;\"> COMISION DIRECTIVA: Presidente: Mar\u00eda del Carmen L\u00f3pez Jordi. Vicepresidente: Susana Lorenzo. Secretario: Marcelo Kreiner. Tesorero: Richard Jaureguy COMISION FISCAL: In\u00e9s Salveraglio, Graciela Gonz\u00e1lez, Sylvia Pioves\u00e1n.<\/span><\/p><p dir=\"ltr\" style=\"line-height: 1.38; margin-top: 12pt; margin-bottom: 0pt;\"><span style=\"font-size: 10.5pt; font-family: Arial,sans-serif; color: #000000; background-color: transparent; font-weight: bold; font-style: normal; font-variant: normal; text-decoration: none; vertical-align: baseline; white-space: pre-wrap;\">Art\u00edculo 29\u00b0<\/span><span style=\"font-size: 10.5pt; font-family: Arial,sans-serif; color: #333333; background-color: transparent; font-weight: 400; font-style: normal; font-variant: normal; text-decoration: none; vertical-align: baseline; white-space: pre-wrap;\">.- (Gestores de la Personer\u00eda Jur\u00eddica). La Escribana Mar\u00eda Estevez Agarray\u00faa, CI 4.081.119-6 queda facultada para gestionar ante el Poder Ejecutivo la aprobaci\u00f3n de estos estatutos y el reconocimiento de la personer\u00eda jur\u00eddica de la instituci\u00f3n, con atribuciones adem\u00e1s, para aceptar las observaciones que pudieran formular las autoridades p\u00fablicas a los presentes estatutos y para proponer los textos sustitutivos que en su m\u00e9rito pudieren corresponder.<\/span><\/p><p dir=\"ltr\" style=\"line-height: 1.38; margin-top: 12pt; margin-bottom: 12pt;\"><span style=\"font-size: 10.5pt; font-family: Arial,sans-serif; color: #333333; background-color: transparent; font-weight: 400; font-style: normal; font-variant: normal; text-decoration: none; vertical-align: baseline; white-space: pre-wrap;\">\u00a0<\/span><\/p><p dir=\"ltr\" style=\"line-height: 1.38; margin-top: 12pt; margin-bottom: 12pt;\"><span style=\"font-size: 10.5pt; font-family: Arial,sans-serif; color: #333333; background-color: transparent; font-weight: 400; font-style: normal; font-variant: normal; text-decoration: none; vertical-align: baseline; white-space: pre-wrap;\">No siendo para m\u00e1s se levanta la sesi\u00f3n<\/span><\/p><p><span id=\"docs-internal-guid-b7d1edb6-7fff-9595-87f3-855db98f85a7\" style=\"font-weight: normal;\">\u00a0<\/span><\/p>\t\t\t\t\t\t<\/div>\n\t\t\t\t<\/div>\n\t\t\t\t\t<\/div>\n\t\t\t\t<\/div>\n\t\t\t\t<\/div>\n\t\t","protected":false},"excerpt":{"rendered":"<p class=\"tmnf_excerpt\">Acta N\u00b0 1.- En la ciudad de Montevideo, el once de agosto del dos mil seis, se re\u00fanen las personas abajo firmantes, bajo la Presidencia de Mar\u00eda del Carmen L\u00f3pez Jordi, actuando en Secretar\u00eda; Marcelo Kreiner Feder ; Susana Lorenzo ; Richard Jaureguy Seoane, In\u00e9s Salveraglio, Graciela Gonz\u00e1lez, Sylvia Pioves\u00e1n, quienes deciden fundar una asociaci\u00f3n\n<\/p>","protected":false},"author":1,"featured_media":0,"parent":0,"menu_order":0,"comment_status":"closed","ping_status":"closed","template":"","meta":{"footnotes":""},"class_list":["post-11021","page","type-page","status-publish","hentry"],"_links":{"self":[{"href":"https:\/\/suio.com.uy\/suionew\/index.php\/wp-json\/wp\/v2\/pages\/11021","targetHints":{"allow":["GET"]}}],"collection":[{"href":"https:\/\/suio.com.uy\/suionew\/index.php\/wp-json\/wp\/v2\/pages"}],"about":[{"href":"https:\/\/suio.com.uy\/suionew\/index.php\/wp-json\/wp\/v2\/types\/page"}],"author":[{"embeddable":true,"href":"https:\/\/suio.com.uy\/suionew\/index.php\/wp-json\/wp\/v2\/users\/1"}],"replies":[{"embeddable":true,"href":"https:\/\/suio.com.uy\/suionew\/index.php\/wp-json\/wp\/v2\/comments?post=11021"}],"version-history":[{"count":10,"href":"https:\/\/suio.com.uy\/suionew\/index.php\/wp-json\/wp\/v2\/pages\/11021\/revisions"}],"predecessor-version":[{"id":11255,"href":"https:\/\/suio.com.uy\/suionew\/index.php\/wp-json\/wp\/v2\/pages\/11021\/revisions\/11255"}],"wp:attachment":[{"href":"https:\/\/suio.com.uy\/suionew\/index.php\/wp-json\/wp\/v2\/media?parent=11021"}],"curies":[{"name":"wp","href":"https:\/\/api.w.org\/{rel}","templated":true}]}}